{"id":4624,"date":"2026-03-18T14:44:08","date_gmt":"2026-03-18T13:44:08","guid":{"rendered":"https:\/\/assmgym.saintmedardasso.fr\/?page_id=4624"},"modified":"2026-03-18T14:45:24","modified_gmt":"2026-03-18T13:45:24","slug":"apero-des-champions","status":"publish","type":"page","link":"https:\/\/assmgym.saintmedardasso.fr\/?page_id=4624","title":{"rendered":"APERO DES CHAMPIONS 2022"},"content":{"rendered":"\n<p>Pour f\u00e9liciter nos comp\u00e9titeurs, nous organisons chaque ann\u00e9e un \u00ab\u00a0ap\u00e9ro des champions\u00a0\u00bb sous forme d&rsquo;auberge espagnole. Cette ann\u00e9e, il s&rsquo;est fait \u00e0 la gare cycliste de Saint-M\u00e9dard-en-Jalles, le 28 juin 2022. <\/p>\n\n\n\n<p>Merci \u00e0 tous les participants et f\u00e9licitations \u00e0 nos gymnastes pour cette belle saison. <\/p>\n\n\n\n<figure class=\"wp-block-gallery has-nested-images columns-5 is-cropped\">\n<figure class=\"wp-block-image size-large\"><a href=\"https:\/\/assmgym.saintmedardasso.fr\/wp-content\/uploads\/2026\/03\/Apero-des-champions-2022-1.jpg\"><img loading=\"lazy\" width=\"768\" height=\"1024\" data-id=\"4630\"  src=\"https:\/\/assmgym.saintmedardasso.fr\/wp-content\/uploads\/2026\/03\/Apero-des-champions-2022-1-768x1024.jpg\" alt=\"\" class=\"wp-image-4630\" srcset=\"https:\/\/assmgym.saintmedardasso.fr\/wp-content\/uploads\/2026\/03\/Apero-des-champions-2022-1-768x1024.jpg 768w, https:\/\/assmgym.saintmedardasso.fr\/wp-content\/uploads\/2026\/03\/Apero-des-champions-2022-1-225x300.jpg 225w, https:\/\/assmgym.saintmedardasso.fr\/wp-content\/uploads\/2026\/03\/Apero-des-champions-2022-1-1152x1536.jpg 1152w, https:\/\/assmgym.saintmedardasso.fr\/wp-content\/uploads\/2026\/03\/Apero-des-champions-2022-1-900x1200.jpg 900w, https:\/\/assmgym.saintmedardasso.fr\/wp-content\/uploads\/2026\/03\/Apero-des-champions-2022-1.jpg 1536w\" sizes=\"(max-width: 768px) 100vw, 768px\" \/><\/a><\/figure>\n\n\n\n<figure class=\"wp-block-image size-large\"><a href=\"https:\/\/assmgym.saintmedardasso.fr\/wp-content\/uploads\/2026\/03\/Apero-des-champions-2022-2.jpg\"><img loading=\"lazy\" width=\"1024\" height=\"768\" data-id=\"4629\"  src=\"https:\/\/assmgym.saintmedardasso.fr\/wp-content\/uploads\/2026\/03\/Apero-des-champions-2022-2-1024x768.jpg\" alt=\"\" class=\"wp-image-4629\" srcset=\"https:\/\/assmgym.saintmedardasso.fr\/wp-content\/uploads\/2026\/03\/Apero-des-champions-2022-2-1024x768.jpg 1024w, https:\/\/assmgym.saintmedardasso.fr\/wp-content\/uploads\/2026\/03\/Apero-des-champions-2022-2-300x225.jpg 300w, https:\/\/assmgym.saintmedardasso.fr\/wp-content\/uploads\/2026\/03\/Apero-des-champions-2022-2-768x576.jpg 768w, https:\/\/assmgym.saintmedardasso.fr\/wp-content\/uploads\/2026\/03\/Apero-des-champions-2022-2-1536x1152.jpg 1536w, https:\/\/assmgym.saintmedardasso.fr\/wp-content\/uploads\/2026\/03\/Apero-des-champions-2022-2-1800x1350.jpg 1800w, https:\/\/assmgym.saintmedardasso.fr\/wp-content\/uploads\/2026\/03\/Apero-des-champions-2022-2.jpg 2048w\" sizes=\"(max-width: 1024px) 100vw, 1024px\" \/><\/a><\/figure>\n\n\n\n<figure class=\"wp-block-image size-large\"><a href=\"https:\/\/assmgym.saintmedardasso.fr\/wp-content\/uploads\/2026\/03\/Apero-des-champions-2022-3.jpg\"><img loading=\"lazy\" width=\"1024\" height=\"768\" data-id=\"4631\"  src=\"https:\/\/assmgym.saintmedardasso.fr\/wp-content\/uploads\/2026\/03\/Apero-des-champions-2022-3-1024x768.jpg\" alt=\"\" class=\"wp-image-4631\" srcset=\"https:\/\/assmgym.saintmedardasso.fr\/wp-content\/uploads\/2026\/03\/Apero-des-champions-2022-3-1024x768.jpg 1024w, https:\/\/assmgym.saintmedardasso.fr\/wp-content\/uploads\/2026\/03\/Apero-des-champions-2022-3-300x225.jpg 300w, https:\/\/assmgym.saintmedardasso.fr\/wp-content\/uploads\/2026\/03\/Apero-des-champions-2022-3-768x576.jpg 768w, https:\/\/assmgym.saintmedardasso.fr\/wp-content\/uploads\/2026\/03\/Apero-des-champions-2022-3-1536x1152.jpg 1536w, https:\/\/assmgym.saintmedardasso.fr\/wp-content\/uploads\/2026\/03\/Apero-des-champions-2022-3-1800x1350.jpg 1800w, https:\/\/assmgym.saintmedardasso.fr\/wp-content\/uploads\/2026\/03\/Apero-des-champions-2022-3.jpg 2048w\" sizes=\"(max-width: 1024px) 100vw, 1024px\" \/><\/a><\/figure>\n\n\n\n<figure class=\"wp-block-image size-large\"><a href=\"https:\/\/assmgym.saintmedardasso.fr\/wp-content\/uploads\/2026\/03\/Apero-des-champions-2022-4.jpg\"><img loading=\"lazy\" width=\"768\" height=\"1024\" data-id=\"4632\"  src=\"https:\/\/assmgym.saintmedardasso.fr\/wp-content\/uploads\/2026\/03\/Apero-des-champions-2022-4-768x1024.jpg\" alt=\"\" class=\"wp-image-4632\" srcset=\"https:\/\/assmgym.saintmedardasso.fr\/wp-content\/uploads\/2026\/03\/Apero-des-champions-2022-4-768x1024.jpg 768w, https:\/\/assmgym.saintmedardasso.fr\/wp-content\/uploads\/2026\/03\/Apero-des-champions-2022-4-225x300.jpg 225w, https:\/\/assmgym.saintmedardasso.fr\/wp-content\/uploads\/2026\/03\/Apero-des-champions-2022-4-1152x1536.jpg 1152w, https:\/\/assmgym.saintmedardasso.fr\/wp-content\/uploads\/2026\/03\/Apero-des-champions-2022-4-900x1200.jpg 900w, https:\/\/assmgym.saintmedardasso.fr\/wp-content\/uploads\/2026\/03\/Apero-des-champions-2022-4.jpg 1536w\" sizes=\"(max-width: 768px) 100vw, 768px\" \/><\/a><\/figure>\n\n\n\n<figure class=\"wp-block-image size-large\"><a href=\"https:\/\/assmgym.saintmedardasso.fr\/wp-content\/uploads\/2026\/03\/Apero-des-champions-2022-5.jpg\"><img loading=\"lazy\" width=\"768\" height=\"1024\" data-id=\"4627\"  src=\"https:\/\/assmgym.saintmedardasso.fr\/wp-content\/uploads\/2026\/03\/Apero-des-champions-2022-5-768x1024.jpg\" alt=\"\" class=\"wp-image-4627\" srcset=\"https:\/\/assmgym.saintmedardasso.fr\/wp-content\/uploads\/2026\/03\/Apero-des-champions-2022-5-768x1024.jpg 768w, https:\/\/assmgym.saintmedardasso.fr\/wp-content\/uploads\/2026\/03\/Apero-des-champions-2022-5-225x300.jpg 225w, https:\/\/assmgym.saintmedardasso.fr\/wp-content\/uploads\/2026\/03\/Apero-des-champions-2022-5-1152x1536.jpg 1152w, https:\/\/assmgym.saintmedardasso.fr\/wp-content\/uploads\/2026\/03\/Apero-des-champions-2022-5-900x1200.jpg 900w, https:\/\/assmgym.saintmedardasso.fr\/wp-content\/uploads\/2026\/03\/Apero-des-champions-2022-5.jpg 1536w\" sizes=\"(max-width: 768px) 100vw, 768px\" \/><\/a><\/figure>\n\n\n\n<figure class=\"wp-block-image size-large\"><a href=\"https:\/\/assmgym.saintmedardasso.fr\/wp-content\/uploads\/2026\/03\/Apero-des-champions-2022-6.jpg\"><img loading=\"lazy\" width=\"768\" height=\"1024\" data-id=\"4628\"  src=\"https:\/\/assmgym.saintmedardasso.fr\/wp-content\/uploads\/2026\/03\/Apero-des-champions-2022-6-768x1024.jpg\" alt=\"\" class=\"wp-image-4628\" srcset=\"https:\/\/assmgym.saintmedardasso.fr\/wp-content\/uploads\/2026\/03\/Apero-des-champions-2022-6-768x1024.jpg 768w, https:\/\/assmgym.saintmedardasso.fr\/wp-content\/uploads\/2026\/03\/Apero-des-champions-2022-6-225x300.jpg 225w, https:\/\/assmgym.saintmedardasso.fr\/wp-content\/uploads\/2026\/03\/Apero-des-champions-2022-6-1152x1536.jpg 1152w, https:\/\/assmgym.saintmedardasso.fr\/wp-content\/uploads\/2026\/03\/Apero-des-champions-2022-6-900x1200.jpg 900w, https:\/\/assmgym.saintmedardasso.fr\/wp-content\/uploads\/2026\/03\/Apero-des-champions-2022-6.jpg 1536w\" sizes=\"(max-width: 768px) 100vw, 768px\" \/><\/a><\/figure>\n\n\n\n<figure class=\"wp-block-image size-large\"><a href=\"https:\/\/assmgym.saintmedardasso.fr\/wp-content\/uploads\/2026\/03\/Apero-des-champions-2022-7.jpg\"><img loading=\"lazy\" width=\"768\" height=\"1024\" data-id=\"4626\"  src=\"https:\/\/assmgym.saintmedardasso.fr\/wp-content\/uploads\/2026\/03\/Apero-des-champions-2022-7.jpg\" alt=\"\" class=\"wp-image-4626\" srcset=\"https:\/\/assmgym.saintmedardasso.fr\/wp-content\/uploads\/2026\/03\/Apero-des-champions-2022-7.jpg 768w, https:\/\/assmgym.saintmedardasso.fr\/wp-content\/uploads\/2026\/03\/Apero-des-champions-2022-7-225x300.jpg 225w\" sizes=\"(max-width: 768px) 100vw, 768px\" \/><\/a><\/figure>\n\n\n\n<figure class=\"wp-block-image size-large\"><a href=\"https:\/\/assmgym.saintmedardasso.fr\/wp-content\/uploads\/2026\/03\/Apero-des-champions-2022-8.jpg\"><img loading=\"lazy\" width=\"768\" height=\"1024\" data-id=\"4625\"  src=\"https:\/\/assmgym.saintmedardasso.fr\/wp-content\/uploads\/2026\/03\/Apero-des-champions-2022-8.jpg\" alt=\"\" class=\"wp-image-4625\" srcset=\"https:\/\/assmgym.saintmedardasso.fr\/wp-content\/uploads\/2026\/03\/Apero-des-champions-2022-8.jpg 768w, https:\/\/assmgym.saintmedardasso.fr\/wp-content\/uploads\/2026\/03\/Apero-des-champions-2022-8-225x300.jpg 225w\" sizes=\"(max-width: 768px) 100vw, 768px\" \/><\/a><\/figure>\n\n\n\n<figure class=\"wp-block-image size-large\"><a href=\"https:\/\/assmgym.saintmedardasso.fr\/wp-content\/uploads\/2026\/03\/Apero-des-champions-2022-9.jpg\"><img loading=\"lazy\" width=\"768\" height=\"1024\" data-id=\"4633\"  src=\"https:\/\/assmgym.saintmedardasso.fr\/wp-content\/uploads\/2026\/03\/Apero-des-champions-2022-9.jpg\" alt=\"\" class=\"wp-image-4633\" srcset=\"https:\/\/assmgym.saintmedardasso.fr\/wp-content\/uploads\/2026\/03\/Apero-des-champions-2022-9.jpg 768w, https:\/\/assmgym.saintmedardasso.fr\/wp-content\/uploads\/2026\/03\/Apero-des-champions-2022-9-225x300.jpg 225w\" sizes=\"(max-width: 768px) 100vw, 768px\" \/><\/a><\/figure>\n\n\n\n<figure class=\"wp-block-image size-large\"><a href=\"https:\/\/assmgym.saintmedardasso.fr\/wp-content\/uploads\/2026\/03\/Apero-des-champions-2022-10.jpg\"><img loading=\"lazy\" width=\"1024\" height=\"768\" data-id=\"4634\"  src=\"https:\/\/assmgym.saintmedardasso.fr\/wp-content\/uploads\/2026\/03\/Apero-des-champions-2022-10.jpg\" alt=\"\" class=\"wp-image-4634\" srcset=\"https:\/\/assmgym.saintmedardasso.fr\/wp-content\/uploads\/2026\/03\/Apero-des-champions-2022-10.jpg 1024w, https:\/\/assmgym.saintmedardasso.fr\/wp-content\/uploads\/2026\/03\/Apero-des-champions-2022-10-300x225.jpg 300w, https:\/\/assmgym.saintmedardasso.fr\/wp-content\/uploads\/2026\/03\/Apero-des-champions-2022-10-768x576.jpg 768w\" sizes=\"(max-width: 1024px) 100vw, 1024px\" \/><\/a><\/figure>\n\n\n\n<figure class=\"wp-block-image size-large\"><a href=\"https:\/\/assmgym.saintmedardasso.fr\/wp-content\/uploads\/2026\/03\/Apero-des-champions-2022-11.jpg\"><img loading=\"lazy\" width=\"768\" height=\"1024\" data-id=\"4635\"  src=\"https:\/\/assmgym.saintmedardasso.fr\/wp-content\/uploads\/2026\/03\/Apero-des-champions-2022-11.jpg\" alt=\"\" class=\"wp-image-4635\" srcset=\"https:\/\/assmgym.saintmedardasso.fr\/wp-content\/uploads\/2026\/03\/Apero-des-champions-2022-11.jpg 768w, https:\/\/assmgym.saintmedardasso.fr\/wp-content\/uploads\/2026\/03\/Apero-des-champions-2022-11-225x300.jpg 225w\" sizes=\"(max-width: 768px) 100vw, 768px\" \/><\/a><\/figure>\n\n\n\n<figure class=\"wp-block-image size-large\"><a href=\"https:\/\/assmgym.saintmedardasso.fr\/wp-content\/uploads\/2026\/03\/Apero-des-champions-2022-12.jpg\"><img loading=\"lazy\" width=\"768\" height=\"1024\" data-id=\"4637\"  src=\"https:\/\/assmgym.saintmedardasso.fr\/wp-content\/uploads\/2026\/03\/Apero-des-champions-2022-12.jpg\" alt=\"\" class=\"wp-image-4637\" srcset=\"https:\/\/assmgym.saintmedardasso.fr\/wp-content\/uploads\/2026\/03\/Apero-des-champions-2022-12.jpg 768w, https:\/\/assmgym.saintmedardasso.fr\/wp-content\/uploads\/2026\/03\/Apero-des-champions-2022-12-225x300.jpg 225w\" sizes=\"(max-width: 768px) 100vw, 768px\" \/><\/a><\/figure>\n\n\n\n<figure class=\"wp-block-image size-large\"><a href=\"https:\/\/assmgym.saintmedardasso.fr\/wp-content\/uploads\/2026\/03\/Apero-des-champions-2022-13.jpg\"><img loading=\"lazy\" width=\"768\" height=\"1024\" data-id=\"4636\"  src=\"https:\/\/assmgym.saintmedardasso.fr\/wp-content\/uploads\/2026\/03\/Apero-des-champions-2022-13.jpg\" alt=\"\" class=\"wp-image-4636\" srcset=\"https:\/\/assmgym.saintmedardasso.fr\/wp-content\/uploads\/2026\/03\/Apero-des-champions-2022-13.jpg 768w, https:\/\/assmgym.saintmedardasso.fr\/wp-content\/uploads\/2026\/03\/Apero-des-champions-2022-13-225x300.jpg 225w\" sizes=\"(max-width: 768px) 100vw, 768px\" \/><\/a><\/figure>\n<\/figure>\n","protected":false},"excerpt":{"rendered":"<p>Pour f\u00e9liciter nos comp\u00e9titeurs, nous organisons chaque ann\u00e9e un \u00ab\u00a0ap\u00e9ro des champions\u00a0\u00bb sous forme d&rsquo;auberge espagnole. Cette ann\u00e9e, il s&rsquo;est fait \u00e0 la gare [&#8230;]<\/p>\n","protected":false},"author":2,"featured_media":0,"parent":0,"menu_order":0,"comment_status":"closed","ping_status":"closed","template":"","meta":{"ngg_post_thumbnail":0},"_links":{"self":[{"href":"https:\/\/assmgym.saintmedardasso.fr\/index.php?rest_route=\/wp\/v2\/pages\/4624"}],"collection":[{"href":"https:\/\/assmgym.saintmedardasso.fr\/index.php?rest_route=\/wp\/v2\/pages"}],"about":[{"href":"https:\/\/assmgym.saintmedardasso.fr\/index.php?rest_route=\/wp\/v2\/types\/page"}],"author":[{"embeddable":true,"href":"https:\/\/assmgym.saintmedardasso.fr\/index.php?rest_route=\/wp\/v2\/users\/2"}],"replies":[{"embeddable":true,"href":"https:\/\/assmgym.saintmedardasso.fr\/index.php?rest_route=%2Fwp%2Fv2%2Fcomments&post=4624"}],"version-history":[{"count":2,"href":"https:\/\/assmgym.saintmedardasso.fr\/index.php?rest_route=\/wp\/v2\/pages\/4624\/revisions"}],"predecessor-version":[{"id":4640,"href":"https:\/\/assmgym.saintmedardasso.fr\/index.php?rest_route=\/wp\/v2\/pages\/4624\/revisions\/4640"}],"wp:attachment":[{"href":"https:\/\/assmgym.saintmedardasso.fr\/index.php?rest_route=%2Fwp%2Fv2%2Fmedia&parent=4624"}],"curies":[{"name":"wp","href":"https:\/\/api.w.org\/{rel}","templated":true}]}}